{"id":89,"date":"2025-05-19T21:14:42","date_gmt":"2025-05-19T19:14:42","guid":{"rendered":"https:\/\/femmeetbtp.fr\/?page_id=89"},"modified":"2026-02-19T20:08:47","modified_gmt":"2026-02-19T19:08:47","slug":"accueil-2","status":"publish","type":"page","link":"https:\/\/femmeetbtp.fr\/","title":{"rendered":"Accueil"},"content":{"rendered":"\n<div class=\"wp-block-cover alignfull\"><img fetchpriority=\"high\" decoding=\"async\" width=\"1024\" height=\"573\" class=\"wp-block-cover__image-background wp-image-848\" alt=\"femmes fi\u00e8res d'\u00eatres dans le BTP, assises \u00e0 c\u00f4t\u00e9 de coll\u00e8gues hommes\" src=\"https:\/\/femmeetbtp.fr\/wp-content\/uploads\/2025\/08\/femmes-fieres-d-etre-dans-le-btp-1024x573.jpg\" data-object-fit=\"cover\" srcset=\"https:\/\/femmeetbtp.fr\/wp-content\/uploads\/2025\/08\/femmes-fieres-d-etre-dans-le-btp-1024x573.jpg 1024w, https:\/\/femmeetbtp.fr\/wp-content\/uploads\/2025\/08\/femmes-fieres-d-etre-dans-le-btp-300x168.jpg 300w, https:\/\/femmeetbtp.fr\/wp-content\/uploads\/2025\/08\/femmes-fieres-d-etre-dans-le-btp-768x430.jpg 768w, https:\/\/femmeetbtp.fr\/wp-content\/uploads\/2025\/08\/femmes-fieres-d-etre-dans-le-btp-1536x860.jpg 1536w, https:\/\/femmeetbtp.fr\/wp-content\/uploads\/2025\/08\/femmes-fieres-d-etre-dans-le-btp-2048x1147.jpg 2048w\" sizes=\"(max-width: 1024px) 100vw, 1024px\" \/><span aria-hidden=\"true\" class=\"wp-block-cover__background has-background-dim\"><\/span><div class=\"wp-block-cover__inner-container is-layout-flow wp-block-cover-is-layout-flow\">\n<div style=\"height:143px\" aria-hidden=\"true\" class=\"wp-block-spacer\"><\/div>\n\n\n\n<h1 class=\"wp-block-heading has-text-align-center has-xxlarge-font-size\"><mark style=\"background-color:rgba(0, 0, 0, 0)\" class=\"has-inline-color has-theme-palette-9-color\"><mark style=\"background-color:rgba(0, 0, 0, 0)\" class=\"has-inline-color has-theme-palette-9-color\">FEMME &amp; BTP : Le 1er Salon National des Femmes du B\u00e2timent<\/mark><\/mark><\/h1>\n\n\n\n<div class=\"wp-block-columns is-layout-flex wp-container-core-columns-is-layout-9d6595d7 wp-block-columns-is-layout-flex\">\n<div class=\"wp-block-column is-layout-flow wp-block-column-is-layout-flow\" style=\"flex-basis:25%\"><\/div>\n\n\n\n<div class=\"wp-block-column is-layout-flow wp-block-column-is-layout-flow\" style=\"flex-basis:50%\">\n<h2 class=\"wp-block-heading has-text-align-center\" style=\"font-size:18px\"><mark style=\"background-color:rgba(0, 0, 0, 0)\" class=\"has-inline-color has-theme-palette-9-color\">Un \u00e9v\u00e9nement in\u00e9dit, pour valoriser, rassembler et inspirer les femmes qui b\u00e2tissent notre avenir.<\/mark><\/h2>\n<\/div>\n\n\n\n<div class=\"wp-block-column is-layout-flow wp-block-column-is-layout-flow\" style=\"flex-basis:25%\"><\/div>\n<\/div>\n\n\n\n<div style=\"height:41px\" aria-hidden=\"true\" class=\"wp-block-spacer\"><\/div>\n\n\n\n<div class=\"wp-block-columns is-layout-flex wp-container-core-columns-is-layout-9d6595d7 wp-block-columns-is-layout-flex\">\n<div class=\"wp-block-column is-layout-flow wp-block-column-is-layout-flow\">\n<div class=\"wp-block-buttons is-content-justification-center is-layout-flex wp-container-core-buttons-is-layout-16018d1d wp-block-buttons-is-layout-flex\">\n<div class=\"wp-block-button\"><a class=\"wp-block-button__link has-background wp-element-button\" href=\"https:\/\/femmeetbtp.fr\/index.php\/visiteur\/\" style=\"border-radius:44px;background-color:#c4156f\"><strong><strong><strong>Je d\u00e9couvre le salon<\/strong><\/strong><\/strong><\/a><\/div>\n<\/div>\n<\/div>\n\n\n\n<div class=\"wp-block-column is-layout-flow wp-block-column-is-layout-flow\">\n<div class=\"wp-block-buttons is-content-justification-center is-layout-flex wp-container-core-buttons-is-layout-16018d1d wp-block-buttons-is-layout-flex\">\n<div class=\"wp-block-button\"><a class=\"wp-block-button__link has-background wp-element-button\" href=\"https:\/\/femmeetbtp.fr\/index.php\/professionnelles\/\" style=\"border-radius:44px;background-color:#c4156f\"><strong><strong>Je suis une pro du BTP<\/strong><\/strong><\/a><\/div>\n<\/div>\n<\/div>\n\n\n\n<div class=\"wp-block-column is-layout-flow wp-block-column-is-layout-flow\">\n<div class=\"wp-block-buttons is-content-justification-center is-layout-flex wp-container-core-buttons-is-layout-16018d1d wp-block-buttons-is-layout-flex\">\n<div class=\"wp-block-button\"><a class=\"wp-block-button__link has-background wp-element-button\" href=\"https:\/\/femmeetbtp.fr\/index.php\/partenaire\/\" style=\"border-radius:44px;background-color:#c4156f\"><strong>Je deviens partenaire<\/strong><\/a><\/div>\n<\/div>\n<\/div>\n<\/div>\n\n\n\n<div style=\"height:107px\" aria-hidden=\"true\" class=\"wp-block-spacer\"><\/div>\n<\/div><\/div>\n\n\n\n<div class=\"wp-block-group alignfull has-text-color has-background\" style=\"color:#000000;background-color:#ffffff\"><div class=\"wp-block-group__inner-container is-layout-flow wp-block-group-is-layout-flow\">\n<div style=\"height:88px\" aria-hidden=\"true\" class=\"wp-block-spacer\"><\/div>\n\n\n\n<p class=\"has-text-align-center has-small-font-size\" style=\"line-height:.9\"><strong>\u00c0 NE SURTOUT PAS MANQUER<\/strong> !<\/p>\n\n\n\n<div class=\"wp-block-columns is-layout-flex wp-container-core-columns-is-layout-9d6595d7 wp-block-columns-is-layout-flex\">\n<div class=\"wp-block-column is-layout-flow wp-block-column-is-layout-flow\" style=\"flex-basis:25%\"><\/div>\n\n\n\n<div class=\"wp-block-column is-layout-flow wp-block-column-is-layout-flow\" style=\"flex-basis:50%\">\n<p class=\"has-text-align-center has-medium-font-size\"><strong>Ouvert \u00e0 toutes et tous<\/strong> \u2014 grand public, professionnelles du secteur, partenaires engag\u00e9s \u2014 ce salon est une invitation \u00e0 d\u00e9couvrir un univers passionnant.<\/p>\n<\/div>\n\n\n\n<div class=\"wp-block-column is-layout-flow wp-block-column-is-layout-flow\" style=\"flex-basis:25%\"><\/div>\n<\/div>\n\n\n\n<div style=\"height:16px\" aria-hidden=\"true\" class=\"wp-block-spacer\"><\/div>\n\n\n\n<style type='text\/css'>.wpcdt-timer-47 .wpcdt-clock{max-width: 750px;}<\/style>\n<div class=\"wpcdt-wrap wpcdt-timer-wrap wpcdt-clearfix  wpcdt-timer-circle wpcdt-timer-47\" data-conf=\"{&quot;current_date&quot;:&quot;2026-04-30 18:10:37&quot;,&quot;expiry_date&quot;:&quot;2026-11-06 10:00:00&quot;,&quot;timercircle_animation&quot;:&quot;ticks&quot;,&quot;timercircle_width&quot;:0.1000000000000000055511151231257827021181583404541015625,&quot;timer_bg_width&quot;:1.1999999999999999555910790149937383830547332763671875,&quot;timer_bgclr&quot;:&quot;#313332&quot;,&quot;timer_day_bgclr&quot;:&quot;#e3be32&quot;,&quot;timer_hour_bgclr&quot;:&quot;#36b0e3&quot;,&quot;timer_minute_bgclr&quot;:&quot;#75bf44&quot;,&quot;timer_second_bgclr&quot;:&quot;#66c5af&quot;,&quot;day_text&quot;:&quot;Days&quot;,&quot;hour_text&quot;:&quot;Hours&quot;,&quot;minute_text&quot;:&quot;Minutes&quot;,&quot;second_text&quot;:&quot;Seconds&quot;,&quot;is_days&quot;:1,&quot;is_hours&quot;:1,&quot;is_minutes&quot;:1,&quot;is_seconds&quot;:1}\">\n\t<div class=\"wpcdt-timer-inr wpcdt-timer wpcdt-timer-js\" id=\"wpcdt-timer-1\" data-id=\"47\">\n\t\t<div class=\"wpcdt-clock wpcdt-clock-circle\" data-timer=\"16386563\"><\/div>\n\t<\/div>\n<\/div>\n\n\n\n<h2 class=\"wp-block-heading has-text-align-center\"><mark style=\"background-color:rgba(0, 0, 0, 0)\" class=\"has-inline-color has-theme-palette-9-color\">Date et lieu de l\u2019\u00e9v\u00e9nement<\/mark><\/h2>\n\n\n\n<p class=\"has-text-align-center\" style=\"font-size:44px\"><strong>Du 6 au 7 Novembre 202<\/strong>6<\/p>\n\n\n\n<p class=\"has-text-align-center has-text-color has-medium-font-size\" style=\"color:#000000\"><strong>PALAIS DES SPORTS DU GOSIER (GUADELOUPE)<\/strong><\/p>\n\n\n\n<p class=\"has-text-align-center has-text-color has-large-font-size\" style=\"color:#000000\"><strong><mark style=\"background-color:rgba(0, 0, 0, 0);color:#c4156f\" class=\"has-inline-color\">Entr\u00e9e gratuite<\/mark><\/strong><\/p>\n\n\n\n<div class=\"wp-block-buttons is-horizontal is-content-justification-center is-layout-flex wp-container-core-buttons-is-layout-499968f5 wp-block-buttons-is-layout-flex\">\n<div class=\"wp-block-button has-custom-width wp-block-button__width-50 is-style-outline is-style-outline--1\"><a class=\"wp-block-button__link has-text-color has-background wp-element-button\" href=\"https:\/\/yp.events\/136f277e-5155-465c-9e72-aa151ddbfcb2\/FEMME-and-BTP\" style=\"border-radius:50px;color:#ffffff;background-color:#000000\" target=\"_blank\" rel=\"noreferrer noopener\">\u00c7a m&rsquo;int\u00e9resse !<\/a><\/div>\n<\/div>\n\n\n\n<div style=\"height:88px\" aria-hidden=\"true\" class=\"wp-block-spacer\"><\/div>\n<\/div><\/div>\n\n\n\n<div class=\"wp-block-columns is-layout-flex wp-container-core-columns-is-layout-9d6595d7 wp-block-columns-is-layout-flex\">\n<div class=\"wp-block-column has-background is-layout-flow wp-block-column-is-layout-flow\" style=\"background-color:#f5f3ef\">\n<div style=\"height:50px\" aria-hidden=\"true\" class=\"wp-block-spacer\"><\/div>\n\n\n\n<h2 class=\"wp-block-heading has-text-align-center has-large-font-size\"><strong>Notre ambition : valoriser les femmes et transformer le BTP<\/strong><\/h2>\n\n\n\n<div class=\"wp-block-columns has-text-color has-background is-layout-flex wp-container-core-columns-is-layout-9d6595d7 wp-block-columns-is-layout-flex\" style=\"color:#000000;background-color:#f5f3ef\">\n<div class=\"wp-block-column is-layout-flow wp-block-column-is-layout-flow\">\n<h3 class=\"wp-block-heading has-text-align-center has-medium-font-size\" style=\"line-height:1.3\"><strong>Valoriser<\/strong><\/h3>\n\n\n\n<p>Mettre en lumi\u00e8re les parcours et les r\u00e9ussites des femmes dans un secteur en pleine mutation.<\/p>\n<\/div>\n\n\n\n<div class=\"wp-block-column is-layout-flow wp-block-column-is-layout-flow\">\n<h3 class=\"wp-block-heading has-text-align-center has-medium-font-size\" style=\"line-height:1.3\"><strong>Rassembler<\/strong><\/h3>\n\n\n\n<p>Cr\u00e9er un espace d\u2019\u00e9changes entre professionnelles, grand public, entreprises, \u00e9coles et associations.<\/p>\n<\/div>\n\n\n\n<div class=\"wp-block-column is-layout-flow wp-block-column-is-layout-flow\">\n<h3 class=\"wp-block-heading has-text-align-center has-medium-font-size\" style=\"line-height:1.3\"><strong><strong>Inspirer<\/strong><\/strong><\/h3>\n\n\n\n<p>Donner aux nouvelles g\u00e9n\u00e9rations l\u2019envie de d\u00e9couvrir un secteur d\u2019avenir.<\/p>\n<\/div>\n<\/div>\n\n\n\n<div style=\"height:50px\" aria-hidden=\"true\" class=\"wp-block-spacer\"><\/div>\n<\/div>\n<\/div>\n\n\n\n<div style=\"height:0px\" aria-hidden=\"true\" class=\"wp-block-spacer\"><\/div>\n\n\n\n<div class=\"wp-block-group\"><div class=\"wp-block-group__inner-container is-layout-constrained wp-block-group-is-layout-constrained\">\n<div class=\"wp-block-group has-text-color has-background\" style=\"color:#000000;background-color:#ffffff\"><div class=\"wp-block-group__inner-container is-layout-flow wp-block-group-is-layout-flow\">\n<figure class=\"wp-block-pullquote has-medium-font-size\" style=\"line-height:1.4\"><blockquote><p><mark style=\"background-color:rgba(0, 0, 0, 0)\" class=\"has-inline-color has-theme-palette-3-color\"><br>Le salon \u00ab\u00a0Femme &amp; BTP\u00a0\u00bb est une initiative engag\u00e9e, pens\u00e9e comme un espace de visibilit\u00e9, de transmission et de mobilisation.<\/mark><\/p><cite><mark style=\"background-color:rgba(0, 0, 0, 0)\" class=\"has-inline-color has-theme-palette-3-color\">l&rsquo;\u00e9quipe de b\u00e2timent au f\u00e9minin<\/mark><\/cite><\/blockquote><\/figure>\n\n\n\n<div class=\"wp-block-buttons is-horizontal is-content-justification-center is-layout-flex wp-container-core-buttons-is-layout-499968f5 wp-block-buttons-is-layout-flex\">\n<div class=\"wp-block-button has-custom-width wp-block-button__width-75 is-style-outline is-style-outline--2\"><a class=\"wp-block-button__link has-text-color has-background wp-element-button\" href=\"https:\/\/www.batimentaufeminin.fr\" style=\"border-radius:50px;color:#ffffff;background-color:#c4156f\" target=\"_blank\" rel=\"noreferrer noopener\">\u00c0 propos de l&rsquo;organisateur<\/a><\/div>\n<\/div>\n\n\n\n<div style=\"height:191px\" aria-hidden=\"true\" class=\"wp-block-spacer\"><\/div>\n<\/div><\/div>\n<\/div><\/div>\n","protected":false},"excerpt":{"rendered":"<p>\u00c0 NE SURTOUT PAS MANQUER ! Ouvert \u00e0 toutes et tous \u2014 grand public, professionnelles du secteur, partenaires engag\u00e9s \u2014 ce salon est une invitation \u00e0 d\u00e9couvrir un univers passionnant. Date et lieu de l\u2019\u00e9v\u00e9nement Du 6 au 7 Novembre 2026 PALAIS DES SPORTS DU GOSIER (GUADELOUPE) Entr\u00e9e gratuite Notre ambition : valoriser les femmes et transformer le BTP Valoriser Mettre en lumi\u00e8re les parcours et les r\u00e9ussites des femmes dans un secteur en pleine mutation. Rassembler Cr\u00e9er un espace d\u2019\u00e9changes entre professionnelles, grand public, entreprises, \u00e9coles et associations. Inspirer Donner aux nouvelles g\u00e9n\u00e9rations l\u2019envie de d\u00e9couvrir un secteur d\u2019avenir. Le salon \u00ab\u00a0Femme &amp; BTP\u00a0\u00bb est une initiative engag\u00e9e, pens\u00e9e comme un espace de visibilit\u00e9, de transmission et de mobilisation. l&rsquo;\u00e9quipe de b\u00e2timent au f\u00e9minin<\/p>\n","protected":false},"author":1,"featured_media":0,"parent":0,"menu_order":0,"comment_status":"closed","ping_status":"closed","template":"","meta":{"_kad_post_transparent":"","_kad_post_title":"hide","_kad_post_layout":"","_kad_post_sidebar_id":"","_kad_post_content_style":"","_kad_post_vertical_padding":"","_kad_post_feature":"","_kad_post_feature_position":"","_kad_post_header":false,"_kad_post_footer":false,"_kad_post_classname":"","footnotes":""},"class_list":["post-89","page","type-page","status-publish","hentry"],"_links":{"self":[{"href":"https:\/\/femmeetbtp.fr\/index.php\/wp-json\/wp\/v2\/pages\/89","targetHints":{"allow":["GET"]}}],"collection":[{"href":"https:\/\/femmeetbtp.fr\/index.php\/wp-json\/wp\/v2\/pages"}],"about":[{"href":"https:\/\/femmeetbtp.fr\/index.php\/wp-json\/wp\/v2\/types\/page"}],"author":[{"embeddable":true,"href":"https:\/\/femmeetbtp.fr\/index.php\/wp-json\/wp\/v2\/users\/1"}],"replies":[{"embeddable":true,"href":"https:\/\/femmeetbtp.fr\/index.php\/wp-json\/wp\/v2\/comments?post=89"}],"version-history":[{"count":264,"href":"https:\/\/femmeetbtp.fr\/index.php\/wp-json\/wp\/v2\/pages\/89\/revisions"}],"predecessor-version":[{"id":1116,"href":"https:\/\/femmeetbtp.fr\/index.php\/wp-json\/wp\/v2\/pages\/89\/revisions\/1116"}],"wp:attachment":[{"href":"https:\/\/femmeetbtp.fr\/index.php\/wp-json\/wp\/v2\/media?parent=89"}],"curies":[{"name":"wp","href":"https:\/\/api.w.org\/{rel}","templated":true}]}}