{"id":475,"date":"2025-05-23T04:05:55","date_gmt":"2025-05-23T02:05:55","guid":{"rendered":"https:\/\/femmeetbtp.fr\/?page_id=475"},"modified":"2025-09-04T21:54:15","modified_gmt":"2025-09-04T19:54:15","slug":"visiteur","status":"publish","type":"page","link":"https:\/\/femmeetbtp.fr\/index.php\/visiteur\/","title":{"rendered":"Visiteur"},"content":{"rendered":"\n<div class=\"wp-block-cover alignfull has-parallax wp-duotone-unset-1\" style=\"min-height:629px;aspect-ratio:unset;\"><div role=\"img\" aria-label=\"famille en visite au salon femme et BTP.\" class=\"wp-block-cover__image-background wp-image-1104 size-large has-parallax\" style=\"background-position:50% 50%;background-image:url(https:\/\/femmeetbtp.fr\/wp-content\/uploads\/2025\/09\/visiteurs-salon-femme-btp-ouvert-a-tous-1024x512.jpg)\"><\/div><span aria-hidden=\"true\" class=\"wp-block-cover__background has-background-dim-40 has-background-dim\" style=\"background-color:#000000\"><\/span><div class=\"wp-block-cover__inner-container is-layout-flow wp-block-cover-is-layout-flow\">\n<div style=\"height:100px;width:0px\" aria-hidden=\"true\" class=\"wp-block-spacer\"><\/div>\n\n\n\n<h1 class=\"wp-block-heading has-text-align-left has-text-color has-xxlarge-font-size\" style=\"color:#000000\"><mark style=\"background-color:rgba(0, 0, 0, 0)\" class=\"has-inline-color has-theme-palette-9-color\">Salon Femme &amp; BTP : plus qu\u2019une visite&#8230; une v\u00e9ritable exp\u00e9rience !<\/mark><\/h1>\n\n\n\n<div style=\"height:100px\" aria-hidden=\"true\" class=\"wp-block-spacer\"><\/div>\n\n\n\n<div class=\"wp-block-columns alignwide is-layout-flex wp-container-core-columns-is-layout-9d6595d7 wp-block-columns-is-layout-flex\">\n<div class=\"wp-block-column is-vertically-aligned-top is-layout-flow wp-block-column-is-layout-flow\" style=\"flex-basis:60%\"><\/div>\n<\/div>\n<\/div><\/div>\n\n\n\n<div style=\"height:48px\" aria-hidden=\"true\" class=\"wp-block-spacer\"><\/div>\n\n\n\n<h1 class=\"wp-block-heading alignwide has-text-align-center has-small-font-size\" id=\"we-re-a-studio-in-berlin-with-an-international-practice-in-architecture-urban-planning-and-interior-design-we-believe-in-sharing-knowledge-and-promoting-dialogue-to-increase-the-creative-potential-of-collaboration\" style=\"line-height:1.1\"><mark style=\"background-color:rgba(0, 0, 0, 0)\" class=\"has-inline-color has-theme-palette-9-color\">Informations pratiques pour les visiteurs<\/mark><\/h1>\n\n\n\n<h2 class=\"wp-block-heading alignwide has-text-align-center has-large-font-size\" id=\"we-re-a-studio-in-berlin-with-an-international-practice-in-architecture-urban-planning-and-interior-design-we-believe-in-sharing-knowledge-and-promoting-dialogue-to-increase-the-creative-potential-of-collaboration\" style=\"line-height:1.1\"><mark style=\"background-color:rgba(0, 0, 0, 0);color:#c4156f\" class=\"has-inline-color\">Un espace pour explorer, s\u2019inspirer et construire son projet<\/mark><\/h2>\n\n\n\n<div style=\"height:48px\" aria-hidden=\"true\" class=\"wp-block-spacer\"><\/div>\n\n\n\n<h3 class=\"wp-block-heading has-medium-font-size\"><strong>Vous \u00eates au bon endroit si&#8230;<\/strong><\/h3>\n\n\n\n<ul class=\"wp-block-list\">\n<li style=\"font-size:18px\">Vous avez un r\u00eave, une id\u00e9e, un projet.<\/li>\n\n\n\n<li style=\"font-size:18px\">Vous vous posez des questions. Vous cherchez votre voie.<\/li>\n\n\n\n<li style=\"font-size:18px\">Vous voulez r\u00e9nover votre maison, changer de m\u00e9tier, soutenir une femme du BTP, ou simplement ouvrir les yeux sur un monde qui vous est encore inconnu.<\/li>\n<\/ul>\n\n\n\n<div style=\"height:27px\" aria-hidden=\"true\" class=\"wp-block-spacer\"><\/div>\n\n\n\n<div class=\"wp-block-columns has-text-color has-background is-layout-flex wp-container-core-columns-is-layout-9d6595d7 wp-block-columns-is-layout-flex\" style=\"color:#000000;background-color:#ffffff\">\n<div class=\"wp-block-column is-layout-flow wp-block-column-is-layout-flow\">\n<h3 class=\"wp-block-heading has-text-align-center has-medium-font-size\" style=\"line-height:1.3\"><strong><mark style=\"background-color:rgba(0, 0, 0, 0)\" class=\"has-inline-color has-theme-palette-3-color\">EXPLORER<\/mark><\/strong><\/h3>\n\n\n\n<p style=\"font-size:18px\"><strong>Explorez le monde du BTP avec vos cinq sens.<\/strong> Touchez, manipulez, exp\u00e9rimentez\u2026 et laissez-vous surprendre.<\/p>\n<\/div>\n\n\n\n<div class=\"wp-block-column is-layout-flow wp-block-column-is-layout-flow\">\n<h3 class=\"wp-block-heading has-text-align-center has-medium-font-size\" style=\"line-height:1.3\"><strong><mark style=\"background-color:rgba(0, 0, 0, 0)\" class=\"has-inline-color has-theme-palette-4-color\">RESSENTIR<\/mark><\/strong><\/h3>\n\n\n\n<p style=\"font-size:18px\"><strong>\u00c9couter des histoires.<\/strong>&nbsp;Celles de femmes qui ont os\u00e9. Celles qui, un jour, ont dit \u201cpourquoi pas moi ?\u201d \u2014 et qui ont b\u00e2ti leur avenir \u00e0 la force du c\u0153ur.<\/p>\n<\/div>\n\n\n\n<div class=\"wp-block-column is-layout-flow wp-block-column-is-layout-flow\">\n<h3 class=\"wp-block-heading has-text-align-center has-medium-font-size\" style=\"line-height:1.3\"><strong><mark style=\"background-color:rgba(0, 0, 0, 0)\" class=\"has-inline-color has-theme-palette-3-color\">S&rsquo;INSPIRER<\/mark><\/strong><\/h3>\n\n\n\n<p style=\"font-size:18px\"><strong>Apprenez <\/strong>les bases, <strong>comprenez<\/strong> les enjeux, c<strong>onstruisez<\/strong> ce qui compte pour vous : un projet, une maison, une vie professionnelle, un <strong>nouveau d\u00e9part<\/strong>.<\/p>\n<\/div>\n<\/div>\n\n\n\n<div style=\"height:96px\" aria-hidden=\"true\" class=\"wp-block-spacer\"><\/div>\n\n\n\n<h2 class=\"wp-block-heading alignwide has-text-align-center has-large-font-size\" id=\"we-re-a-studio-in-berlin-with-an-international-practice-in-architecture-urban-planning-and-interior-design-we-believe-in-sharing-knowledge-and-promoting-dialogue-to-increase-the-creative-potential-of-collaboration\" style=\"line-height:1.1\"><mark style=\"background-color:rgba(0, 0, 0, 0);color:#c4156f\" class=\"has-inline-color\"><mark style=\"background-color:rgba(0, 0, 0, 0);color:#c4156f\" class=\"has-inline-color\">Femme &amp; BTP : ce qui vous attend pour cette \u00e9dition 2025 (concours, ateliers, networking, carri\u00e8res)<\/mark><\/mark><\/h2>\n\n\n\n<div style=\"height:100px\" aria-hidden=\"true\" class=\"wp-block-spacer\"><\/div>\n\n\n\n<div class=\"wp-block-columns is-layout-flex wp-container-core-columns-is-layout-9d6595d7 wp-block-columns-is-layout-flex\">\n<div class=\"wp-block-column is-layout-flow wp-block-column-is-layout-flow\">\n<div class=\"wp-block-columns alignwide has-text-color has-background is-layout-flex wp-container-core-columns-is-layout-9d6595d7 wp-block-columns-is-layout-flex\" style=\"color:#000000;background-color:#ffffff\">\n<div class=\"wp-block-column is-layout-flow wp-block-column-is-layout-flow\">\n<h3 class=\"wp-block-heading has-text-align-left has-medium-font-size\" style=\"line-height:1.3\"><strong>D\u00e9monstrations<\/strong><\/h3>\n\n\n\n<figure class=\"wp-block-image size-large is-resized\"><img fetchpriority=\"high\" decoding=\"async\" width=\"1024\" height=\"1024\" src=\"https:\/\/femmeetbtp.fr\/wp-content\/uploads\/2025\/08\/atelier-demonstrations-femme-btp-1024x1024.jpg\" alt=\"femme du b\u00e2timent pr\u00eate \u00e0 transmettre son savoir\" class=\"wp-image-1072\" style=\"width:387px;height:auto\" srcset=\"https:\/\/femmeetbtp.fr\/wp-content\/uploads\/2025\/08\/atelier-demonstrations-femme-btp-1024x1024.jpg 1024w, https:\/\/femmeetbtp.fr\/wp-content\/uploads\/2025\/08\/atelier-demonstrations-femme-btp-300x300.jpg 300w, https:\/\/femmeetbtp.fr\/wp-content\/uploads\/2025\/08\/atelier-demonstrations-femme-btp-150x150.jpg 150w, https:\/\/femmeetbtp.fr\/wp-content\/uploads\/2025\/08\/atelier-demonstrations-femme-btp-768x768.jpg 768w, https:\/\/femmeetbtp.fr\/wp-content\/uploads\/2025\/08\/atelier-demonstrations-femme-btp-1536x1536.jpg 1536w, https:\/\/femmeetbtp.fr\/wp-content\/uploads\/2025\/08\/atelier-demonstrations-femme-btp-2048x2048.jpg 2048w\" sizes=\"(max-width: 1024px) 100vw, 1024px\" \/><\/figure>\n\n\n\n<p style=\"font-size:18px\">Assistez \u00e0 des d\u00e9monstrations en direct de m\u00e9tiers du BTP, anim\u00e9es par des pros passionn\u00e9s. Une vraie opportunit\u00e9 de d\u00e9couvrir des <strong>savoir-faire<\/strong>, de vous initier et pourquoi pas&#8230; de vous projeter dans un avenir qui vous ressemble. <strong>Osez explorer, tester, poser vos questions \u2014 tout est possible !<\/strong><\/p>\n<\/div>\n\n\n\n<div class=\"wp-block-column is-layout-flow wp-block-column-is-layout-flow\">\n<h3 class=\"wp-block-heading has-text-align-left has-medium-font-size\" style=\"line-height:1.3\"><strong>Exposants<\/strong><\/h3>\n\n\n\n<figure class=\"wp-block-image size-large\"><img decoding=\"async\" width=\"1024\" height=\"1024\" src=\"https:\/\/femmeetbtp.fr\/wp-content\/uploads\/2025\/08\/exposants-salon-femme-et-btp-1024x1024.jpg\" alt=\"exposants au salon femme et BTP\" class=\"wp-image-1069\" srcset=\"https:\/\/femmeetbtp.fr\/wp-content\/uploads\/2025\/08\/exposants-salon-femme-et-btp-1024x1024.jpg 1024w, https:\/\/femmeetbtp.fr\/wp-content\/uploads\/2025\/08\/exposants-salon-femme-et-btp-300x300.jpg 300w, https:\/\/femmeetbtp.fr\/wp-content\/uploads\/2025\/08\/exposants-salon-femme-et-btp-150x150.jpg 150w, https:\/\/femmeetbtp.fr\/wp-content\/uploads\/2025\/08\/exposants-salon-femme-et-btp-768x768.jpg 768w, https:\/\/femmeetbtp.fr\/wp-content\/uploads\/2025\/08\/exposants-salon-femme-et-btp-1536x1536.jpg 1536w, https:\/\/femmeetbtp.fr\/wp-content\/uploads\/2025\/08\/exposants-salon-femme-et-btp-2048x2048.jpg 2048w\" sizes=\"(max-width: 1024px) 100vw, 1024px\" \/><\/figure>\n\n\n\n<p style=\"font-size:18px\">Explorez un espace riche et diversifi\u00e9, pens\u00e9 pour <strong>r\u00e9pondre aux besoins des femmes dans le BTP<\/strong> \u2014 professionnelles d\u2019aujourd\u2019hui ou futures actrices du secteur. Produits, services, formations et conseils : tout pour vous accompagner dans votre parcours !<\/p>\n<\/div>\n\n\n\n<div class=\"wp-block-column is-layout-flow wp-block-column-is-layout-flow\">\n<h3 class=\"wp-block-heading has-text-align-left has-medium-font-size\" style=\"line-height:1.3\"><strong>Air de jeux<\/strong><\/h3>\n\n\n\n<figure class=\"wp-block-image size-large\"><img decoding=\"async\" width=\"1024\" height=\"1024\" src=\"https:\/\/femmeetbtp.fr\/wp-content\/uploads\/2025\/08\/salon-femme-et-btp-air-jeux-enfants-1024x1024.jpg\" alt=\"Le salon Femme et BTP est ouvert \u00e0 tous, m\u00eame aux enfants. Air de jeux d\u00e9di\u00e9\" class=\"wp-image-1071\" srcset=\"https:\/\/femmeetbtp.fr\/wp-content\/uploads\/2025\/08\/salon-femme-et-btp-air-jeux-enfants-1024x1024.jpg 1024w, https:\/\/femmeetbtp.fr\/wp-content\/uploads\/2025\/08\/salon-femme-et-btp-air-jeux-enfants-300x300.jpg 300w, https:\/\/femmeetbtp.fr\/wp-content\/uploads\/2025\/08\/salon-femme-et-btp-air-jeux-enfants-150x150.jpg 150w, https:\/\/femmeetbtp.fr\/wp-content\/uploads\/2025\/08\/salon-femme-et-btp-air-jeux-enfants-768x768.jpg 768w, https:\/\/femmeetbtp.fr\/wp-content\/uploads\/2025\/08\/salon-femme-et-btp-air-jeux-enfants-1536x1536.jpg 1536w, https:\/\/femmeetbtp.fr\/wp-content\/uploads\/2025\/08\/salon-femme-et-btp-air-jeux-enfants-2048x2048.jpg 2048w\" sizes=\"(max-width: 1024px) 100vw, 1024px\" \/><\/figure>\n\n\n\n<p style=\"font-size:18px\"><strong>Pour<\/strong> que <strong>toutes les mamans<\/strong> puissent profiter pleinement du salon, un espace jeux est pr\u00e9vu pour accueillir vos enfants en toute s\u00e9curit\u00e9. Vous \u00eates les bienvenues !<\/p>\n<\/div>\n<\/div>\n\n\n\n<div class=\"wp-block-columns alignwide has-text-color has-background is-layout-flex wp-container-core-columns-is-layout-9d6595d7 wp-block-columns-is-layout-flex\" style=\"color:#000000;background-color:#ffffff\">\n<div class=\"wp-block-column is-layout-flow wp-block-column-is-layout-flow\">\n<h3 class=\"wp-block-heading has-medium-font-size\" style=\"line-height:1.3\"><strong>Conf\u00e9rences<\/strong><\/h3>\n\n\n\n<figure class=\"wp-block-image size-large\"><img loading=\"lazy\" decoding=\"async\" width=\"1024\" height=\"1024\" src=\"https:\/\/femmeetbtp.fr\/wp-content\/uploads\/2025\/08\/salon-femme-btp-conferences-temoignages-1024x1024.jpg\" alt=\"t\u00e9moignage d'une femme dans le BTP\" class=\"wp-image-1074\" srcset=\"https:\/\/femmeetbtp.fr\/wp-content\/uploads\/2025\/08\/salon-femme-btp-conferences-temoignages-1024x1024.jpg 1024w, https:\/\/femmeetbtp.fr\/wp-content\/uploads\/2025\/08\/salon-femme-btp-conferences-temoignages-300x300.jpg 300w, https:\/\/femmeetbtp.fr\/wp-content\/uploads\/2025\/08\/salon-femme-btp-conferences-temoignages-150x150.jpg 150w, https:\/\/femmeetbtp.fr\/wp-content\/uploads\/2025\/08\/salon-femme-btp-conferences-temoignages-768x768.jpg 768w, https:\/\/femmeetbtp.fr\/wp-content\/uploads\/2025\/08\/salon-femme-btp-conferences-temoignages-1536x1536.jpg 1536w, https:\/\/femmeetbtp.fr\/wp-content\/uploads\/2025\/08\/salon-femme-btp-conferences-temoignages-2048x2048.jpg 2048w\" sizes=\"(max-width: 1024px) 100vw, 1024px\" \/><\/figure>\n\n\n\n<p style=\"font-size:18px\">Plusieurs th\u00e9matiques seront abord\u00e9es tout au long du salon : formation au <strong>BIM, transition \u00e9nerg\u00e9tique, t\u00e9moignages <\/strong>inspirants de professionnelles du secteur, <strong>\u00e9co-construction, \u00e9nergies renouvelables<\/strong>, ou encore <strong>r\u00e9nover sans stress<\/strong>.<\/p>\n<\/div>\n\n\n\n<div class=\"wp-block-column is-layout-flow wp-block-column-is-layout-flow\">\n<h3 class=\"wp-block-heading has-medium-font-size\" style=\"line-height:1.3\"><strong>Concours<\/strong><\/h3>\n\n\n\n<figure class=\"wp-block-image size-large\"><img loading=\"lazy\" decoding=\"async\" width=\"1024\" height=\"1024\" src=\"https:\/\/femmeetbtp.fr\/wp-content\/uploads\/2025\/09\/concours-talents-feminins-renovation-1024x1024.jpg\" alt=\"\" class=\"wp-image-997\" srcset=\"https:\/\/femmeetbtp.fr\/wp-content\/uploads\/2025\/09\/concours-talents-feminins-renovation-1024x1024.jpg 1024w, https:\/\/femmeetbtp.fr\/wp-content\/uploads\/2025\/09\/concours-talents-feminins-renovation-300x300.jpg 300w, https:\/\/femmeetbtp.fr\/wp-content\/uploads\/2025\/09\/concours-talents-feminins-renovation-150x150.jpg 150w, https:\/\/femmeetbtp.fr\/wp-content\/uploads\/2025\/09\/concours-talents-feminins-renovation-768x768.jpg 768w, https:\/\/femmeetbtp.fr\/wp-content\/uploads\/2025\/09\/concours-talents-feminins-renovation-1536x1536.jpg 1536w, https:\/\/femmeetbtp.fr\/wp-content\/uploads\/2025\/09\/concours-talents-feminins-renovation-2048x2048.jpg 2048w\" sizes=\"(max-width: 1024px) 100vw, 1024px\" \/><\/figure>\n\n\n\n<p style=\"font-size:18px\"><strong>Dipl\u00f4m\u00e9e ou non<\/strong>, chaque femme aura la possibilit\u00e9 de s\u02bcinscrire pour <strong>mettre en valeur ses comp\u00e9tences<\/strong> dans les m\u00e9tiers du second \u0153uvre. \u00c0 l\u02bcissue du salon, un jury s\u00e9lectionnera la laur\u00e9ate du concours, qui se verra remettre le <strong>Prix du Salon &lsquo;Femme &amp; BTP&rsquo;<\/strong><\/p>\n<\/div>\n\n\n\n<div class=\"wp-block-column is-layout-flow wp-block-column-is-layout-flow\">\n<h3 class=\"wp-block-heading has-medium-font-size\" style=\"line-height:1.3\"><strong>Speed-meeting<\/strong> (BtoC)<\/h3>\n\n\n\n<figure class=\"wp-block-image size-large\"><img loading=\"lazy\" decoding=\"async\" width=\"1024\" height=\"1024\" src=\"https:\/\/femmeetbtp.fr\/wp-content\/uploads\/2025\/09\/speed-meeting-artisane-professionnelles-particluliers-travaux-1024x1024.jpg\" alt=\"\" class=\"wp-image-1017\" srcset=\"https:\/\/femmeetbtp.fr\/wp-content\/uploads\/2025\/09\/speed-meeting-artisane-professionnelles-particluliers-travaux-1024x1024.jpg 1024w, https:\/\/femmeetbtp.fr\/wp-content\/uploads\/2025\/09\/speed-meeting-artisane-professionnelles-particluliers-travaux-300x300.jpg 300w, https:\/\/femmeetbtp.fr\/wp-content\/uploads\/2025\/09\/speed-meeting-artisane-professionnelles-particluliers-travaux-150x150.jpg 150w, https:\/\/femmeetbtp.fr\/wp-content\/uploads\/2025\/09\/speed-meeting-artisane-professionnelles-particluliers-travaux-768x768.jpg 768w, https:\/\/femmeetbtp.fr\/wp-content\/uploads\/2025\/09\/speed-meeting-artisane-professionnelles-particluliers-travaux-1536x1536.jpg 1536w, https:\/\/femmeetbtp.fr\/wp-content\/uploads\/2025\/09\/speed-meeting-artisane-professionnelles-particluliers-travaux-2048x2048.jpg 2048w\" sizes=\"(max-width: 1024px) 100vw, 1024px\" \/><\/figure>\n\n\n\n<p style=\"font-size:18px\">Une occasion unique de <strong>transformer des rencontres en chantiers concrets<\/strong> ! Des particuliers avec des projets de travaux rencontreront des femmes professionnelles du BTP pr\u00eates \u00e0 mettre leur savoir-faire en action. En quelques minutes, le speed meeting cr\u00e9e des \u00e9changes directs, efficaces et conviviaux, pour faire na\u00eetre des <strong>collaborations imm\u00e9diates et gagnantes<\/strong>.<br><\/p>\n<\/div>\n<\/div>\n\n\n\n<div class=\"wp-block-columns is-layout-flex wp-container-core-columns-is-layout-9d6595d7 wp-block-columns-is-layout-flex\">\n<div class=\"wp-block-column is-layout-flow wp-block-column-is-layout-flow\">\n<div class=\"wp-block-group alignwide has-background\" style=\"background-color:#f5f3ef;padding-top:6vw;padding-right:6vw;padding-bottom:6vw;padding-left:6vw\"><div class=\"wp-block-group__inner-container is-layout-flow wp-block-group-is-layout-flow\">\n<div class=\"wp-block-group is-vertical is-nowrap is-layout-flex wp-container-core-group-is-layout-287ef9cb wp-block-group-is-layout-flex\" style=\"padding-right:0;padding-left:0\">\n<h2 class=\"wp-block-heading has-text-color has-large-font-size\" style=\"color:#000000\"><mark style=\"background-color:rgba(0, 0, 0, 0);color:#c4156f\" class=\"has-inline-color\">Informations pratiques<\/mark><\/h2>\n<\/div>\n\n\n\n<h3 class=\"wp-block-heading has-text-color has-medium-font-size\" style=\"color:#000000\"><mark style=\"background-color:rgba(0, 0, 0, 0)\" class=\"has-inline-color has-theme-palette-3-color\"><strong>\u00c0 qui s\u2019adresse cet \u00e9v\u00e9nement ?<\/strong><\/mark><\/h3>\n\n\n\n<ul class=\"wp-block-list\">\n<li class=\"has-theme-palette-3-color has-text-color has-link-color wp-elements-f22c7e7623aadedad56d4423cd1f8841\" style=\"font-size:18px;line-height:1.5\">Femmes en reconversion, <\/li>\n\n\n\n<li class=\"has-theme-palette-3-color has-text-color has-link-color wp-elements-d6af85501df1b9ac77acf0a64fb47220\" style=\"font-size:18px;line-height:1.5\">Femmes en recherche d\u2019emploi, <\/li>\n\n\n\n<li class=\"has-theme-palette-3-color has-text-color has-link-color wp-elements-8ef4e4154b113603fee9175a16446b78\" style=\"font-size:18px;line-height:1.5\">Professionnelles d\u00e9j\u00e0 actives dans le BTP,<\/li>\n\n\n\n<li class=\"has-theme-palette-3-color has-text-color has-link-color wp-elements-4d515552c2dbc1bf1d38281c2c34f1f2\" style=\"font-size:18px;line-height:1.5\"> Recruteurs, <\/li>\n\n\n\n<li class=\"has-theme-palette-3-color has-text-color has-link-color wp-elements-0f00add2d4abdc18120fde5c42bae4c5\" style=\"font-size:18px;line-height:1.5\">Entreprises du secteur, <\/li>\n\n\n\n<li class=\"has-theme-palette-3-color has-text-color has-link-color wp-elements-4db49c5be9e8a3c5db589d2fcb124689\" style=\"font-size:18px;line-height:1.5\">\u00c9coles, <\/li>\n\n\n\n<li class=\"has-theme-palette-3-color has-text-color has-link-color wp-elements-17225bdce6bd11c0019b2fb58eaaeb4f\" style=\"font-size:18px;line-height:1.5\">Toute personne ayant des projets de travaux\u2026<\/li>\n<\/ul>\n\n\n\n<p class=\"has-text-color\" style=\"color:#000000;font-size:18px\"><strong>Et \u00e0 toutes celles et ceux qui s\u2019int\u00e9ressent de pr\u00e8s ou de loin au monde du b\u00e2timent.<\/strong><\/p>\n\n\n\n<div style=\"height:15px\" aria-hidden=\"true\" class=\"wp-block-spacer\"><\/div>\n\n\n\n<div class=\"wp-block-columns alignwide is-layout-flex wp-container-core-columns-is-layout-724a882f wp-block-columns-is-layout-flex\">\n<div class=\"wp-block-column is-layout-flow wp-block-column-is-layout-flow\" style=\"flex-basis:69%\">\n<h3 class=\"wp-block-heading has-text-color has-medium-font-size\" style=\"color:#000000\"><strong><mark style=\"background-color:rgba(0, 0, 0, 0)\" class=\"has-inline-color has-theme-palette-3-color\">O\u00f9 et quand ?<\/mark><\/strong><\/h3>\n\n\n\n<iframe src=\"https:\/\/www.google.com\/maps\/embed?pb=!1m18!1m12!1m3!1d3831.0218138379796!2d-61.523146025115274!3d16.219318235402927!2m3!1f0!2f0!3f0!3m2!1i1024!2i768!4f13.1!3m3!1m2!1s0x8c1345f38270163d%3A0x3a700a55ea7b45d2!2sRue%20du%20Palais%20des%20Sports%2C%20Le%20Gosier%2097190%2C%20Guadeloupe!5e0!3m2!1sfr!2sfr!4v1747761953910!5m2!1sfr!2sfr\" width=\"600\" height=\"450\" style=\"border:0;\" allowfullscreen=\"\" loading=\"lazy\" referrerpolicy=\"no-referrer-when-downgrade\"><\/iframe>\n<\/div>\n\n\n\n<div class=\"wp-block-column is-vertically-aligned-center is-layout-flow wp-block-column-is-layout-flow\" style=\"flex-basis:33%\">\n<div style=\"height:2vw\" aria-hidden=\"true\" class=\"wp-block-spacer\"><\/div>\n\n\n\n<p style=\"font-size:18px\">Rendez-vous au&nbsp;<strong>Palais des Sports du Gosier, en Guadeloupe<\/strong>, les&nbsp;<strong>5 et 6 Novembre 2025<\/strong>&nbsp;pour un \u00e9v\u00e9nement au c\u0153ur du BTP, ouvert \u00e0 toutes et \u00e0 tous !<\/p>\n\n\n\n<p class=\"has-text-color\" style=\"color:#000000;font-size:18px\"><strong>Entr\u00e9e gratuite<\/strong><\/p>\n<\/div>\n<\/div>\n<\/div><\/div>\n<\/div>\n<\/div>\n<\/div>\n<\/div>\n\n\n\n<div style=\"height:52px\" aria-hidden=\"true\" class=\"wp-block-spacer\"><\/div>\n\n\n\n<h2 class=\"wp-block-heading alignwide\" id=\"we-re-a-studio-in-berlin-with-an-international-practice-in-architecture-urban-planning-and-interior-design-we-believe-in-sharing-knowledge-and-promoting-dialogue-to-increase-the-creative-potential-of-collaboration\" style=\"font-size:33px;line-height:1.3\">\ud83c\udf81 Pr\u00e9parez votre projet travaux d\u00e8s maintenant avec notre guide offert !<\/h2>\n\n\n\n<div style=\"height:66px\" aria-hidden=\"true\" class=\"wp-block-spacer\"><\/div>\n\n\n\n<p style=\"font-size:18px\">Un concentr\u00e9 de conseils, de check-lists et d&rsquo;astuces utiles en Guadeloupe pour :<\/p>\n\n\n\n<ul class=\"wp-block-list\">\n<li style=\"font-size:18px\">Bien pr\u00e9parer votre chantier<\/li>\n\n\n\n<li style=\"font-size:18px\">Choisir des pros de confiance<\/li>\n\n\n\n<li style=\"font-size:18px\">\u00c9viter les erreurs classiques<\/li>\n\n\n\n<li style=\"font-size:18px\">D\u00e9couvrir des femmes talentueuses et engag\u00e9es pr\u00e8s de chez vous<\/li>\n<\/ul>\n\n\n\n<p style=\"font-size:18px\">Que vous participiez ou non, ce guide est une mine d\u2019astuces pour donner vie \u00e0 vos projets dans la s\u00e9r\u00e9nit\u00e9 !<\/p>\n\n\n\n<div style=\"height:66px\" aria-hidden=\"true\" class=\"wp-block-spacer\"><\/div>\n\n\n\n<div class=\"wp-block-buttons is-content-justification-center is-layout-flex wp-container-core-buttons-is-layout-16018d1d wp-block-buttons-is-layout-flex\">\n<div class=\"wp-block-button is-style-fill\"><a class=\"wp-block-button__link has-background wp-element-button\" href=\"https:\/\/femmeetbtp.fr\/index.php\/formulaire-visiteurs\/\" style=\"border-style:none;border-width:0px;border-radius:55px;background-color:#c4156f\"><strong>Je t\u00e9l\u00e9charge mon guide travaux gratuit<\/strong><\/a><\/div>\n<\/div>\n\n\n\n<div style=\"height:145px;width:0px\" aria-hidden=\"true\" class=\"wp-block-spacer\"><\/div>\n\n\n\n<div style=\"height:145px;width:0px\" aria-hidden=\"true\" class=\"wp-block-spacer\"><\/div>\n\n\n\n\t\t\t\t\t\t\t<h3 style=\"margin-bottom:20px;display:block;width:100%;margin-top:10px\">Une question ? On a la r\u00e9ponse ! <\/h3>\r\n\t\t\t\t\t\t<style>\r\n\t\t\t\t<style>\r\n#wpsm_accordion_326 .wpsm_panel-heading{\r\n\tpadding:0px !important;\r\n}\r\n#wpsm_accordion_326 .wpsm_panel-title {\r\n\tmargin:0px !important; \r\n\ttext-transform:none !important;\r\n\tline-height: 1 !important;\r\n}\r\n#wpsm_accordion_326 .wpsm_panel-title a{\r\n\ttext-decoration:none;\r\n\toverflow:hidden;\r\n\tdisplay:block;\r\n\tpadding:0px;\r\n\tfont-size: 18px !important;\r\n\tfont-family: Lucida Grande !important;\r\n\tcolor:#c4156f !important;\r\n\tborder-bottom:0px !important;\r\n}\r\n\r\n#wpsm_accordion_326 .wpsm_panel-title a:focus {\r\noutline: 0px !important;\r\n}\r\n\r\n#wpsm_accordion_326 .wpsm_panel-title a:hover, #wpsm_accordion_326 .wpsm_panel-title a:focus {\r\n\tcolor:#c4156f !important;\r\n}\r\n#wpsm_accordion_326 .acc-a{\r\n\tcolor: #c4156f !important;\r\n\tbackground-color:#fdecef !important;\r\n\tborder-color: #ddd;\r\n}\r\n#wpsm_accordion_326 .wpsm_panel-default > .wpsm_panel-heading{\r\n\tcolor: #c4156f !important;\r\n\tbackground-color: #fdecef !important;\r\n\tborder-color: #fdecef !important;\r\n\tborder-top-left-radius: 0px;\r\n\tborder-top-right-radius: 0px;\r\n}\r\n#wpsm_accordion_326 .wpsm_panel-default {\r\n\t\tborder:1px solid transparent !important;\r\n\t}\r\n#wpsm_accordion_326 {\r\n\tmargin-bottom: 20px;\r\n\toverflow: hidden;\r\n\tfloat: none;\r\n\twidth: 100%;\r\n\tdisplay: block;\r\n}\r\n#wpsm_accordion_326 .ac_title_class{\r\n\tdisplay: block;\r\n\tpadding-top: 12px;\r\n\tpadding-bottom: 12px;\r\n\tpadding-left: 15px;\r\n\tpadding-right: 15px;\r\n}\r\n#wpsm_accordion_326  .wpsm_panel {\r\n\toverflow:hidden;\r\n\t-webkit-box-shadow: 0 0px 0px rgba(0, 0, 0, .05);\r\n\tbox-shadow: 0 0px 0px rgba(0, 0, 0, .05);\r\n\t\tborder-radius: 4px;\r\n\t}\r\n#wpsm_accordion_326  .wpsm_panel + .wpsm_panel {\r\n\t\tmargin-top: 5px;\r\n\t}\r\n#wpsm_accordion_326  .wpsm_panel-body{\r\n\tbackground-color:#ffffff !important;\r\n\tcolor:#000000 !important;\r\n\tborder-top-color: #fdecef !important;\r\n\tfont-size:16px !important;\r\n\tfont-family: Lucida Grande !important;\r\n\toverflow: hidden;\r\n\t\tborder: 2px solid #fdecef !important;\r\n\t}\r\n\r\n#wpsm_accordion_326 .ac_open_cl_icon{\r\n\tbackground-color:#fdecef !important;\r\n\tcolor: #c4156f !important;\r\n\tfloat:right !important;\r\n\tpadding-top: 12px !important;\r\n\tpadding-bottom: 12px !important;\r\n\tline-height: 1.0 !important;\r\n\tpadding-left: 15px !important;\r\n\tpadding-right: 15px !important;\r\n\tdisplay: inline-block !important;\r\n}\r\n\r\n\t\t\t\r\n\t\t\t<\/style>\t\r\n\t\t\t<\/style>\r\n\t\t\t<div class=\"wpsm_panel-group\" id=\"wpsm_accordion_326\" >\r\n\t\t\t\t\t\t\t\t\r\n\t\t\t\t\t<!-- Inner panel Start -->\r\n\t\t\t\t\t<div class=\"wpsm_panel wpsm_panel-default\">\r\n\t\t\t\t\t\t<div class=\"wpsm_panel-heading\" role=\"tab\" >\r\n\t\t\t\t\t\t  <h4 class=\"wpsm_panel-title\">\r\n\t\t\t\t\t\t\t<a  class=\"\"  data-toggle=\"collapse\" data-parent=\"#wpsm_accordion_326 \" href=\"javascript:void(0)\" data-target=\"#ac_326_collapse1\" onclick=\"do_resize()\">\r\n\t\t\t\t\t\t\t\t\t\t\t\t\t\t\t\t\t<span class=\"ac_open_cl_icon fa fa-plus\"><\/span>\r\n\t\t\t\t\t\t\t\t\t\r\n\t\t\t\t\t\t\t\t \r\n\t\t\t\t\t\t\t\t<span class=\"ac_title_class\">\r\n\t\t\t\t\t\t\t\t\t\t\t\t\t\t\t\t\t\t\t\t<span style=\"margin-right:6px;\" class=\"fa fa-arrow-right\"><\/span>\r\n\t\t\t\t\t\t\t\t\t\u00c0 qui s\u2019adresse le salon ?\t\t\t\t\t\t\t\t<\/span>\r\n\t\t\t\t\t\t\t<\/a>\r\n\t\t\t\t\t\t  <\/h4>\r\n\t\t\t\t\t\t<\/div>\r\n\t\t\t\t\t\t<div id=\"ac_326_collapse1\" class=\"wpsm_panel-collapse collapse \"  >\r\n\t\t\t\t\t\t  <div class=\"wpsm_panel-body\">\r\n\t\t\t\t\t\t\tLe salon est ouvert \u00e0 toutes et tous : professionnelles du BTP, entreprises, recruteuses et recruteurs, \u00e9tudiantes, personnes en reconversion ou simplement curieuses de d\u00e9couvrir le secteur.\t\t\t\t\t\t  <\/div>\r\n\t\t\t\t\t\t<\/div>\r\n\t\t\t\t\t<\/div>\r\n\t\t\t\t\t<!-- Inner panel End -->\r\n\t\t\t\t\t\r\n\t\t\t\t\t\t\t\t\r\n\t\t\t\t\t<!-- Inner panel Start -->\r\n\t\t\t\t\t<div class=\"wpsm_panel wpsm_panel-default\">\r\n\t\t\t\t\t\t<div class=\"wpsm_panel-heading\" role=\"tab\" >\r\n\t\t\t\t\t\t  <h4 class=\"wpsm_panel-title\">\r\n\t\t\t\t\t\t\t<a  class=\"collapsed\"  data-toggle=\"collapse\" data-parent=\"#wpsm_accordion_326 \" href=\"javascript:void(0)\" data-target=\"#ac_326_collapse2\" onclick=\"do_resize()\">\r\n\t\t\t\t\t\t\t\t\t\t\t\t\t\t\t\t\t<span class=\"ac_open_cl_icon fa fa-plus\"><\/span>\r\n\t\t\t\t\t\t\t\t\t\r\n\t\t\t\t\t\t\t\t \r\n\t\t\t\t\t\t\t\t<span class=\"ac_title_class\">\r\n\t\t\t\t\t\t\t\t\t\t\t\t\t\t\t\t\t\t\t\t<span style=\"margin-right:6px;\" class=\"fa fa-arrow-right\"><\/span>\r\n\t\t\t\t\t\t\t\t\tLe salon est-il gratuit ?\t\t\t\t\t\t\t\t<\/span>\r\n\t\t\t\t\t\t\t<\/a>\r\n\t\t\t\t\t\t  <\/h4>\r\n\t\t\t\t\t\t<\/div>\r\n\t\t\t\t\t\t<div id=\"ac_326_collapse2\" class=\"wpsm_panel-collapse collapse \"  >\r\n\t\t\t\t\t\t  <div class=\"wpsm_panel-body\">\r\n\t\t\t\t\t\t\tL\u2019entr\u00e9e est gratuite et ouverte \u00e0 tous, dans la limite des places disponibles. L\u2019inscription en ligne est recommand\u00e9e pour faciliter l\u2019accueil.\t\t\t\t\t\t  <\/div>\r\n\t\t\t\t\t\t<\/div>\r\n\t\t\t\t\t<\/div>\r\n\t\t\t\t\t<!-- Inner panel End -->\r\n\t\t\t\t\t\r\n\t\t\t\t\t\t\t\t\r\n\t\t\t\t\t<!-- Inner panel Start -->\r\n\t\t\t\t\t<div class=\"wpsm_panel wpsm_panel-default\">\r\n\t\t\t\t\t\t<div class=\"wpsm_panel-heading\" role=\"tab\" >\r\n\t\t\t\t\t\t  <h4 class=\"wpsm_panel-title\">\r\n\t\t\t\t\t\t\t<a  class=\"collapsed\"  data-toggle=\"collapse\" data-parent=\"#wpsm_accordion_326 \" href=\"javascript:void(0)\" data-target=\"#ac_326_collapse3\" onclick=\"do_resize()\">\r\n\t\t\t\t\t\t\t\t\t\t\t\t\t\t\t\t\t<span class=\"ac_open_cl_icon fa fa-plus\"><\/span>\r\n\t\t\t\t\t\t\t\t\t\r\n\t\t\t\t\t\t\t\t \r\n\t\t\t\t\t\t\t\t<span class=\"ac_title_class\">\r\n\t\t\t\t\t\t\t\t\t\t\t\t\t\t\t\t\t\t\t\t<span style=\"margin-right:6px;\" class=\"fa fa-arrow-right\"><\/span>\r\n\t\t\t\t\t\t\t\t\tPuis-je venir avec des enfants ?\t\t\t\t\t\t\t\t<\/span>\r\n\t\t\t\t\t\t\t<\/a>\r\n\t\t\t\t\t\t  <\/h4>\r\n\t\t\t\t\t\t<\/div>\r\n\t\t\t\t\t\t<div id=\"ac_326_collapse3\" class=\"wpsm_panel-collapse collapse \"  >\r\n\t\t\t\t\t\t  <div class=\"wpsm_panel-body\">\r\n\t\t\t\t\t\t\tBien s\u00fbr ! Le salon est familial et adapt\u00e9 aux enfants. Pour l'occasion un espace leur est d\u00e9di\u00e9.\t\t\t\t\t\t  <\/div>\r\n\t\t\t\t\t\t<\/div>\r\n\t\t\t\t\t<\/div>\r\n\t\t\t\t\t<!-- Inner panel End -->\r\n\t\t\t\t\t\r\n\t\t\t\t\t\t\t\t\r\n\t\t\t\t\t<!-- Inner panel Start -->\r\n\t\t\t\t\t<div class=\"wpsm_panel wpsm_panel-default\">\r\n\t\t\t\t\t\t<div class=\"wpsm_panel-heading\" role=\"tab\" >\r\n\t\t\t\t\t\t  <h4 class=\"wpsm_panel-title\">\r\n\t\t\t\t\t\t\t<a  class=\"collapsed\"  data-toggle=\"collapse\" data-parent=\"#wpsm_accordion_326 \" href=\"javascript:void(0)\" data-target=\"#ac_326_collapse4\" onclick=\"do_resize()\">\r\n\t\t\t\t\t\t\t\t\t\t\t\t\t\t\t\t\t<span class=\"ac_open_cl_icon fa fa-plus\"><\/span>\r\n\t\t\t\t\t\t\t\t\t\r\n\t\t\t\t\t\t\t\t \r\n\t\t\t\t\t\t\t\t<span class=\"ac_title_class\">\r\n\t\t\t\t\t\t\t\t\t\t\t\t\t\t\t\t\t\t\t\t<span style=\"margin-right:6px;\" class=\"fa fa-arrow-right\"><\/span>\r\n\t\t\t\t\t\t\t\t\tO\u00f9 et quand se d\u00e9roule le salon ?\t\t\t\t\t\t\t\t<\/span>\r\n\t\t\t\t\t\t\t<\/a>\r\n\t\t\t\t\t\t  <\/h4>\r\n\t\t\t\t\t\t<\/div>\r\n\t\t\t\t\t\t<div id=\"ac_326_collapse4\" class=\"wpsm_panel-collapse collapse \"  >\r\n\t\t\t\t\t\t  <div class=\"wpsm_panel-body\">\r\n\t\t\t\t\t\t\tLe salon aura lieu du 5 au 6 Novembre 2025 au Palais des sports du Gosier (Guadeloupe), de 09H \u00e0 20 h.\t\t\t\t\t\t  <\/div>\r\n\t\t\t\t\t\t<\/div>\r\n\t\t\t\t\t<\/div>\r\n\t\t\t\t\t<!-- Inner panel End -->\r\n\t\t\t\t\t\r\n\t\t\t\t\t\t\t\t\r\n\t\t\t\t\t<!-- Inner panel Start -->\r\n\t\t\t\t\t<div class=\"wpsm_panel wpsm_panel-default\">\r\n\t\t\t\t\t\t<div class=\"wpsm_panel-heading\" role=\"tab\" >\r\n\t\t\t\t\t\t  <h4 class=\"wpsm_panel-title\">\r\n\t\t\t\t\t\t\t<a  class=\"collapsed\"  data-toggle=\"collapse\" data-parent=\"#wpsm_accordion_326 \" href=\"javascript:void(0)\" data-target=\"#ac_326_collapse5\" onclick=\"do_resize()\">\r\n\t\t\t\t\t\t\t\t\t\t\t\t\t\t\t\t\t<span class=\"ac_open_cl_icon fa fa-plus\"><\/span>\r\n\t\t\t\t\t\t\t\t\t\r\n\t\t\t\t\t\t\t\t \r\n\t\t\t\t\t\t\t\t<span class=\"ac_title_class\">\r\n\t\t\t\t\t\t\t\t\t\t\t\t\t\t\t\t\t\t\t\t<span style=\"margin-right:6px;\" class=\"fa fa-arrow-right\"><\/span>\r\n\t\t\t\t\t\t\t\t\tComment venir au salon ?\t\t\t\t\t\t\t\t<\/span>\r\n\t\t\t\t\t\t\t<\/a>\r\n\t\t\t\t\t\t  <\/h4>\r\n\t\t\t\t\t\t<\/div>\r\n\t\t\t\t\t\t<div id=\"ac_326_collapse5\" class=\"wpsm_panel-collapse collapse \"  >\r\n\t\t\t\t\t\t  <div class=\"wpsm_panel-body\">\r\n\t\t\t\t\t\t\tLe site est accessible en voiture, en transports en commun et en v\u00e9lo. Un parking gratuit est pr\u00e9vu pour les visiteuses.\t\t\t\t\t\t  <\/div>\r\n\t\t\t\t\t\t<\/div>\r\n\t\t\t\t\t<\/div>\r\n\t\t\t\t\t<!-- Inner panel End -->\r\n\t\t\t\t\t\r\n\t\t\t\t\t\t\t\t\r\n\t\t\t\t\t<!-- Inner panel Start -->\r\n\t\t\t\t\t<div class=\"wpsm_panel wpsm_panel-default\">\r\n\t\t\t\t\t\t<div class=\"wpsm_panel-heading\" role=\"tab\" >\r\n\t\t\t\t\t\t  <h4 class=\"wpsm_panel-title\">\r\n\t\t\t\t\t\t\t<a  class=\"collapsed\"  data-toggle=\"collapse\" data-parent=\"#wpsm_accordion_326 \" href=\"javascript:void(0)\" data-target=\"#ac_326_collapse6\" onclick=\"do_resize()\">\r\n\t\t\t\t\t\t\t\t\t\t\t\t\t\t\t\t\t<span class=\"ac_open_cl_icon fa fa-plus\"><\/span>\r\n\t\t\t\t\t\t\t\t\t\r\n\t\t\t\t\t\t\t\t \r\n\t\t\t\t\t\t\t\t<span class=\"ac_title_class\">\r\n\t\t\t\t\t\t\t\t\t\t\t\t\t\t\t\t\t\t\t\t<span style=\"margin-right:6px;\" class=\"fa fa-arrow-right\"><\/span>\r\n\t\t\t\t\t\t\t\t\tLe lieu est-il accessible aux personnes en situation de handicap ?\t\t\t\t\t\t\t\t<\/span>\r\n\t\t\t\t\t\t\t<\/a>\r\n\t\t\t\t\t\t  <\/h4>\r\n\t\t\t\t\t\t<\/div>\r\n\t\t\t\t\t\t<div id=\"ac_326_collapse6\" class=\"wpsm_panel-collapse collapse \"  >\r\n\t\t\t\t\t\t  <div class=\"wpsm_panel-body\">\r\n\t\t\t\t\t\t\tOui, le site est enti\u00e8rement accessible et des dispositifs sp\u00e9cifiques peuvent \u00eatre mis en place sur demande.\t\t\t\t\t\t  <\/div>\r\n\t\t\t\t\t\t<\/div>\r\n\t\t\t\t\t<\/div>\r\n\t\t\t\t\t<!-- Inner panel End -->\r\n\t\t\t\t\t\r\n\t\t\t\t\t\t\t\t\r\n\t\t\t\t\t<!-- Inner panel Start -->\r\n\t\t\t\t\t<div class=\"wpsm_panel wpsm_panel-default\">\r\n\t\t\t\t\t\t<div class=\"wpsm_panel-heading\" role=\"tab\" >\r\n\t\t\t\t\t\t  <h4 class=\"wpsm_panel-title\">\r\n\t\t\t\t\t\t\t<a  class=\"collapsed\"  data-toggle=\"collapse\" data-parent=\"#wpsm_accordion_326 \" href=\"javascript:void(0)\" data-target=\"#ac_326_collapse7\" onclick=\"do_resize()\">\r\n\t\t\t\t\t\t\t\t\t\t\t\t\t\t\t\t\t<span class=\"ac_open_cl_icon fa fa-plus\"><\/span>\r\n\t\t\t\t\t\t\t\t\t\r\n\t\t\t\t\t\t\t\t \r\n\t\t\t\t\t\t\t\t<span class=\"ac_title_class\">\r\n\t\t\t\t\t\t\t\t\t\t\t\t\t\t\t\t\t\t\t\t<span style=\"margin-right:6px;\" class=\"fa fa-arrow-right\"><\/span>\r\n\t\t\t\t\t\t\t\t\tQuels types d\u2019animations sont propos\u00e9es ?\t\t\t\t\t\t\t\t<\/span>\r\n\t\t\t\t\t\t\t<\/a>\r\n\t\t\t\t\t\t  <\/h4>\r\n\t\t\t\t\t\t<\/div>\r\n\t\t\t\t\t\t<div id=\"ac_326_collapse7\" class=\"wpsm_panel-collapse collapse \"  >\r\n\t\t\t\t\t\t  <div class=\"wpsm_panel-body\">\r\n\t\t\t\t\t\t\tConf\u00e9rences, t\u00e9moignages de femmes inspirantes, ateliers de d\u00e9couverte m\u00e9tiers, concours de talents f\u00e9minin, d\u00e9monstrations techniques, sessions de speed-meeting artisane, etc.\t\t\t\t\t\t  <\/div>\r\n\t\t\t\t\t\t<\/div>\r\n\t\t\t\t\t<\/div>\r\n\t\t\t\t\t<!-- Inner panel End -->\r\n\t\t\t\t\t\r\n\t\t\t\t\t\t\t\t\r\n\t\t\t\t\t<!-- Inner panel Start -->\r\n\t\t\t\t\t<div class=\"wpsm_panel wpsm_panel-default\">\r\n\t\t\t\t\t\t<div class=\"wpsm_panel-heading\" role=\"tab\" >\r\n\t\t\t\t\t\t  <h4 class=\"wpsm_panel-title\">\r\n\t\t\t\t\t\t\t<a  class=\"collapsed\"  data-toggle=\"collapse\" data-parent=\"#wpsm_accordion_326 \" href=\"javascript:void(0)\" data-target=\"#ac_326_collapse8\" onclick=\"do_resize()\">\r\n\t\t\t\t\t\t\t\t\t\t\t\t\t\t\t\t\t<span class=\"ac_open_cl_icon fa fa-plus\"><\/span>\r\n\t\t\t\t\t\t\t\t\t\r\n\t\t\t\t\t\t\t\t \r\n\t\t\t\t\t\t\t\t<span class=\"ac_title_class\">\r\n\t\t\t\t\t\t\t\t\t\t\t\t\t\t\t\t\t\t\t\t<span style=\"margin-right:6px;\" class=\"fa fa-arrow-right\"><\/span>\r\n\t\t\t\t\t\t\t\t\tQu\u2019est-ce que le speed meeting artisane ?\t\t\t\t\t\t\t\t<\/span>\r\n\t\t\t\t\t\t\t<\/a>\r\n\t\t\t\t\t\t  <\/h4>\r\n\t\t\t\t\t\t<\/div>\r\n\t\t\t\t\t\t<div id=\"ac_326_collapse8\" class=\"wpsm_panel-collapse collapse \"  >\r\n\t\t\t\t\t\t  <div class=\"wpsm_panel-body\">\r\n\t\t\t\t\t\t\tC\u2019est une session de rencontres express entre artisanes du BTP et des particuliers ayant des projets de travaux. Chaque \u00e9change dure quelques minutes pour permettre aux participantes de pr\u00e9senter leurs comp\u00e9tences et aux visiteurs de trouver la bonne professionnelle pour leurs besoins.\t\t\t\t\t\t  <\/div>\r\n\t\t\t\t\t\t<\/div>\r\n\t\t\t\t\t<\/div>\r\n\t\t\t\t\t<!-- Inner panel End -->\r\n\t\t\t\t\t\r\n\t\t\t\t\t\t\t<\/div>\r\n\t\t\t\r\n<script type=\"text\/javascript\">\r\n\t\r\n\t\tfunction do_resize(){\r\n\r\n\t\t\tvar width=jQuery( '.wpsm_panel .wpsm_panel-body iframe' ).width();\r\n\t\t\tvar height=jQuery( '.wpsm_panel .wpsm_panel-body iframe' ).height();\r\n\r\n\t\t\tvar toggleSize = true;\r\n\t\t\tjQuery('iframe').animate({\r\n\t\t\t    width: toggleSize ? width : 640,\r\n\t\t\t    height: toggleSize ? height : 360\r\n\t\t\t  }, 250);\r\n\r\n\t\t\t  toggleSize = !toggleSize;\r\n\t\t}\r\n\t\t\r\n<\/script>\t\n","protected":false},"excerpt":{"rendered":"<p>Informations pratiques pour les visiteurs Un espace pour explorer, s\u2019inspirer et construire son projet Vous \u00eates au bon endroit si&#8230; EXPLORER Explorez le monde du BTP avec vos cinq sens. Touchez, manipulez, exp\u00e9rimentez\u2026 et laissez-vous surprendre. RESSENTIR \u00c9couter des histoires.&nbsp;Celles de femmes qui ont os\u00e9. Celles qui, un jour, ont dit \u201cpourquoi pas moi ?\u201d \u2014 et qui ont b\u00e2ti leur avenir \u00e0 la force du c\u0153ur. S&rsquo;INSPIRER Apprenez les bases, comprenez les enjeux, construisez ce qui compte pour vous : un projet, une maison, une vie professionnelle, un nouveau d\u00e9part. Femme &amp; BTP : ce qui vous attend pour cette \u00e9dition 2025 (concours, ateliers, networking, carri\u00e8res) \ud83c\udf81 Pr\u00e9parez votre projet travaux d\u00e8s maintenant avec notre guide offert ! Un concentr\u00e9 de conseils, de check-lists et d&rsquo;astuces utiles en Guadeloupe pour : Que vous participiez ou non, ce guide est une mine d\u2019astuces pour donner vie \u00e0 vos projets dans la s\u00e9r\u00e9nit\u00e9 !<\/p>\n","protected":false},"author":1,"featured_media":0,"parent":0,"menu_order":0,"comment_status":"closed","ping_status":"closed","template":"","meta":{"_kad_post_transparent":"","_kad_post_title":"","_kad_post_layout":"","_kad_post_sidebar_id":"","_kad_post_content_style":"","_kad_post_vertical_padding":"","_kad_post_feature":"","_kad_post_feature_position":"","_kad_post_header":false,"_kad_post_footer":false,"_kad_post_classname":"","footnotes":""},"class_list":["post-475","page","type-page","status-publish","hentry"],"_links":{"self":[{"href":"https:\/\/femmeetbtp.fr\/index.php\/wp-json\/wp\/v2\/pages\/475","targetHints":{"allow":["GET"]}}],"collection":[{"href":"https:\/\/femmeetbtp.fr\/index.php\/wp-json\/wp\/v2\/pages"}],"about":[{"href":"https:\/\/femmeetbtp.fr\/index.php\/wp-json\/wp\/v2\/types\/page"}],"author":[{"embeddable":true,"href":"https:\/\/femmeetbtp.fr\/index.php\/wp-json\/wp\/v2\/users\/1"}],"replies":[{"embeddable":true,"href":"https:\/\/femmeetbtp.fr\/index.php\/wp-json\/wp\/v2\/comments?post=475"}],"version-history":[{"count":45,"href":"https:\/\/femmeetbtp.fr\/index.php\/wp-json\/wp\/v2\/pages\/475\/revisions"}],"predecessor-version":[{"id":1105,"href":"https:\/\/femmeetbtp.fr\/index.php\/wp-json\/wp\/v2\/pages\/475\/revisions\/1105"}],"wp:attachment":[{"href":"https:\/\/femmeetbtp.fr\/index.php\/wp-json\/wp\/v2\/media?parent=475"}],"curies":[{"name":"wp","href":"https:\/\/api.w.org\/{rel}","templated":true}]}}